{"id":359,"date":"2017-01-09T10:40:59","date_gmt":"2017-01-09T09:40:59","guid":{"rendered":"http:\/\/jdkrynen.com\/?page_id=359"},"modified":"2017-01-22T17:12:09","modified_gmt":"2017-01-22T16:12:09","slug":"1991-1992-calvaire-des-innocents","status":"publish","type":"page","link":"https:\/\/jdkrynen.com\/index.php\/catalogue-des-oeuvres-du-compositeur-jean-dominique-krynen\/1991-1992-calvaire-des-innocents\/","title":{"rendered":"1991-1992 \u2015 Calvaire des Innocents"},"content":{"rendered":"<h4>1991-1992<br \/>\nCALVAIRE DES INNOCENTS <span style=\"font-size: 0.8em; font-style: italic;\">11\u201930<\/span><\/h4>\n<ul style=\"list-style-type: disc; list-style-position: inside;\">\n<li class=\"less-margin\">1\u00e8re version pour 2 pianos \u00e0 4 mains <a href=\"http:\/\/jdkrynen.com\/wp-content\/uploads\/2017\/01\/Calvaire-2-pianos-specimen.pdf\" target=\"_blank\"><img decoding=\"async\" src=\"http:\/\/jdkrynen.com\/wp-content\/uploads\/2017\/01\/Adobe-PDF-Document-icon.png\" alt=\"\" style=\"margin: 0;\" \/><\/a><\/li>\n<li class=\"less-margin\">2e version pour orchestre symphonique <a href=\"http:\/\/jdkrynen.com\/wp-content\/uploads\/2017\/01\/Calvaire-orchestre-specimen.pdf\" target=\"_blank\"><img decoding=\"async\" src=\"http:\/\/jdkrynen.com\/wp-content\/uploads\/2017\/01\/Adobe-PDF-Document-icon.png\" alt=\"\" style=\"margin: 0;\" \/><\/a>\n<p>(3.[2 picc.]\/3.[c.a.]\/2. +cl.b.\/2 sax. \/3. \/\/ 4.\/3.\/3.+tuba \/\/ 2ha, timp., cel., perc. \/\/ cordes)<\/p>\n<\/li>\n<\/ul>\n<h5>pr\u00e9sentation<\/h5>\n<p>Comment faire \u0153uvre de l&#8217;indicible du mal absolu ? Plus instruit que jamais des m\u00e9canismes de l&#8217;oppression et des id\u00e9ologies, l&#8217;homme de la fin du XXe si\u00e8cle et du d\u00e9but du XXIe ne cesse d&#8217;assister, impuissant, \u00e0 leur mouvement perp\u00e9tuel. Que reste-t-il du Salut et des <em>fins derni\u00e8res<\/em> apr\u00e8s cela ?<\/p>\n<p>J&#8217;ai imagin\u00e9 une m\u00e9ditation parcourant trois textes, de la sid\u00e9ration d&#8217;une chanson d&#8217;enfant illustrant une \u00e9pigramme terrible d&#8217;Elsa Morante, jusqu&#8217;\u00e0 la promesse glorieuse faite au bon Larron sur la croix, en passant par la vision d\u2019\u00c9z\u00e9chiel.<\/p>\n<p class=\"bc_player\"><iframe style=\"border: 0; width: 100%; height: 120px;\" src=\"https:\/\/bandcamp.com\/EmbeddedPlayer\/track=3407118162\/size=large\/bgcol=ffffff\/linkcol=0687f5\/tracklist=false\/artwork=none\/transparent=true\/\" seamless><a href=\"http:\/\/jean-dominiquekrynencompositeur.bandcamp.com\/track\/calvaire-des-innocents-r-duction-pour-piano\">Calvaire des Innocents, r\u00e9duction pour piano by Jean-Dominique Krynen, compositeur<\/a><\/iframe><\/p>\n<div class=\"spacer-div\"><\/div>\n<h6>I.<\/h6>\n<div class=\"poesie-1block\">O\u00f9 allons-nous\u00a0?<br \/>\nO\u00f9 nous emm\u00e8ne-t-on\u00a0?<br \/>\nAu pays de Pitchipo\u00ef *<br \/>\nOn part quand il fait encore noir et<br \/>\nOn arrive quand il fait d\u00e9j\u00e0 noir<br \/>\nC\u2019est le pays des fum\u00e9es et des hurlements<br \/>\nMais pourquoi nos m\u00e8res nous ont-elles abandonn\u00e9s\u00a0?<br \/>\nQui nous donnera l\u2019eau pour la mort\u00a0?\n<\/div>\n<div class=\"spacer-div\"><\/div>\n<p style=\"text-align: right;\" align=\"left\">Elsa Morante (<em>La Storia \u2015 \u00e9d. Gallimard\/Biblos, p.173<\/em>)<\/p>\n<p><em>* Ce nom aurait \u00e9t\u00e9 invent\u00e9 \u00e0 Drancy par les enfants juifs destin\u00e9s \u00e0 la d\u00e9portation pour d\u00e9signer le pays myst\u00e9rieux vers lequel partaient les convois de d\u00e9port\u00e9s (E.M.) \u2015 12-13 juillet 1942 \u2015<\/em><\/p>\n<div class=\"spacer-div\"><\/div>\n<h6>II.<\/h6>\n<div class=\"poesie-1block\">\u2026Il me d\u00e9posa au milieu d\u2019une vall\u00e9e pleine d\u2019ossements dess\u00e9ch\u00e9s (\u2026) Il me dit\u00a0: \u00ab\u00a0Fils d\u2019homme, ces ossements vivront-ils\u00a0?\u00a0\u00bb Je dis\u00a0: \u00ab\u00a0Seigneur Yahv\u00e9, c\u2019est Toi qui le sais\u00a0\u00bb. Il me dit\u00a0: \u00ab\u00a0Proph\u00e9tise sur ces ossements (\u2026)\u00a0\u00bb Je proph\u00e9tisai, comme j\u2019en avais re\u00e7u l\u2019ordre. Or, il se fit un bruit au moment o\u00f9 je proph\u00e9tisais\u00a0; il y eut un fr\u00e9missement et les os se rapproch\u00e8rent les uns des autres. Je regardai\u00a0: ils \u00e9taient recouverts de nerfs, la chair avait pouss\u00e9 et la peau s\u2019\u00e9tait tendue par-dessus (\u2026) et l\u2019esprit vint en eux, ils reprirent vie et se mirent debout sur leurs pieds\u00a0: grande, immense arm\u00e9e.<\/p>\n<p>Alors il me dit\u00a0: \u00ab\u00a0Fils d\u2019homme, ces ossements, c\u2019est toute la maison d\u2019Isra\u00ebl (\u2026) Vous saurez que je suis Yahv\u00e9 lorsque j\u2019ouvrirai vos tombeaux (\u2026) Je mettrai mon esprit en vous et vous vivrez, et je vous installerai sur votre sol\u00a0, et vous saurez que moi, Yahv\u00e9, j\u2019ai parl\u00e9 et je fais, oracle de Yahv\u00e9\u00a0\u00bb.\n<\/p><\/div>\n<div class=\"spacer-div\"><\/div>\n<p style=\"text-align: right;\" align=\"left\">\u00c9z\u00e9chiel 37 (1-14)<\/p>\n<div class=\"spacer-div\"><\/div>\n<h6>III.<\/h6>\n<div class=\"poesie-1block\">\u2026L\u2019un des malfaiteurs suspendus \u00e0 la croix l\u2019injuriait\u00a0: \u00ab\u00a0N\u2019es-tu pas le Christ\u00a0? Sauve-toi toi-m\u00eame, et nous aussi.\u00a0\u00bb Mais l\u2019autre, le reprenant, d\u00e9clara\u00a0: \u00ab\u00a0Tu n\u2019as m\u00eame pas crainte de Dieu, alors que tu subis la m\u00eame peine\u00a0! Pour nous, c\u2019est justice, nous payons nos actes\u00a0; mais lui n\u2019a rien fait de mal.\u00a0\u00bb Et il disait\u00a0: \u00ab\u00a0J\u00e9sus, souviens-toi de moi, lorsque tu viendras avec ton royaume\u00a0\u00bb. Et il lui dit\u00a0: \u00ab\u00a0En v\u00e9rit\u00e9, je te le dis, aujourd\u2019hui tu seras avec moi en Paradis\u00a0\u00bb.\n<\/div>\n<div class=\"spacer-div\"><\/div>\n<p style=\"text-align: right;\" align=\"left\">Luc 23 (39-43)<\/p>\n","protected":false},"excerpt":{"rendered":"<p>1991-1992 CALVAIRE DES INNOCENTS 11\u201930 1\u00e8re version pour 2 pianos \u00e0 4 mains 2e version pour orchestre symphonique (3.[2 picc.]\/3.[c.a.]\/2. +cl.b.\/2 sax. \/3. \/\/ 4.\/3.\/3.+tuba \/\/ 2ha, timp., cel., perc. \/\/ cordes) pr\u00e9sentation Comment faire \u0153uvre de l&#8217;indicible du mal<\/p>\n","protected":false},"author":1,"featured_media":0,"parent":5,"menu_order":0,"comment_status":"closed","ping_status":"closed","template":"","meta":{"footnotes":""},"_links":{"self":[{"href":"https:\/\/jdkrynen.com\/index.php\/wp-json\/wp\/v2\/pages\/359"}],"collection":[{"href":"https:\/\/jdkrynen.com\/index.php\/wp-json\/wp\/v2\/pages"}],"about":[{"href":"https:\/\/jdkrynen.com\/index.php\/wp-json\/wp\/v2\/types\/page"}],"author":[{"embeddable":true,"href":"https:\/\/jdkrynen.com\/index.php\/wp-json\/wp\/v2\/users\/1"}],"replies":[{"embeddable":true,"href":"https:\/\/jdkrynen.com\/index.php\/wp-json\/wp\/v2\/comments?post=359"}],"version-history":[{"count":8,"href":"https:\/\/jdkrynen.com\/index.php\/wp-json\/wp\/v2\/pages\/359\/revisions"}],"predecessor-version":[{"id":507,"href":"https:\/\/jdkrynen.com\/index.php\/wp-json\/wp\/v2\/pages\/359\/revisions\/507"}],"up":[{"embeddable":true,"href":"https:\/\/jdkrynen.com\/index.php\/wp-json\/wp\/v2\/pages\/5"}],"wp:attachment":[{"href":"https:\/\/jdkrynen.com\/index.php\/wp-json\/wp\/v2\/media?parent=359"}],"curies":[{"name":"wp","href":"https:\/\/api.w.org\/{rel}","templated":true}]}}